{"id":2518,"date":"2026-03-16T11:25:40","date_gmt":"2026-03-16T09:25:40","guid":{"rendered":"https:\/\/fil.ee\/uus\/?post_type=product&#038;p=2518"},"modified":"2026-03-16T11:27:15","modified_gmt":"2026-03-16T09:27:15","slug":"laste-lood-luules","status":"publish","type":"product","link":"https:\/\/fil.ee\/uus\/toode\/laste-lood-luules\/","title":{"rendered":"Laste lood luules"},"content":{"rendered":"<p style=\"text-align: justify;\">16. m\u00e4rtsil 2026. a. ilmus meie kirjastuselt uus lasteraamat Merike Kase &#8220;Vembukana tembud&#8221;. Raamat on k\u00f5vade kaante ja v\u00e4rvilise sisuga. Raamatu m\u00f5\u00f5dud on 170&#215;240 mm, maht 80 lehek\u00fclge. Toimetas Mari-Liis Treial, illustreeris Elerin Valdas, k\u00fcljendas ja kaaned kujundas Vallo Hallik<\/p>\n<p style=\"text-align: justify;\"><strong>Raamatu tutvustus:<br \/>\n<\/strong>K\u00f5ik asjad ja loomad Sinu \u00fcmber elavad oma elu. M\u00f5ned nende seiklused on p\u00fc\u00fctud siia raamatusse. Kaante vahele piiludes saad teada, kuidas kana Kaie p\u00e4\u00e4stab suve, kes takistab kuu Kuunol vaip Vandaga s\u00f5brustamast, mida teeb \u00f6\u00f6siti pliiats Hanna ning milles v\u00f5istlevad omavahel porilombid. Lisaks kohtud nupuka haraka, trikitava pesumasina, sportliku lumememme ja tujukate patsidega.<br \/>\nJutukeste j\u00e4rel olevad k\u00fcsimused on m\u00f5eldud nii v\u00e4ikesele kui ka suurele lugejale. Need annavad v\u00f5imaluse m\u00f5tiskleda, arutleda, fantaseerida ja l\u00e4hemalt uurida.<\/p>\n<p>Raamatusse sisse vaadata saab <a href=\"https:\/\/fil.ee\/sisu\/Laste_lood_luules_esimesed-15lk.pdf\">siin<\/a>.<\/p>\n","protected":false},"excerpt":{"rendered":"<p>16. m\u00e4rtsil 2026. a. ilmus meie kirjastuselt uus lasteraamat Merike Kase &#8220;Vembukana tembud&#8221;. Raamat on k\u00f5vade kaante ja v\u00e4rvilise sisuga. Raamatu m\u00f5\u00f5dud on 170&#215;240 mm, maht 80 lehek\u00fclge. Toimetas Mari-Liis Treial, illustreeris Elerin Valdas, k\u00fcljendas ja kaaned kujundas Vallo Hallik Raamatu tutvustus: K\u00f5ik asjad ja loomad Sinu \u00fcmber elavad oma elu. M\u00f5ned nende seiklused on [&hellip;]<\/p>\n","protected":false},"featured_media":2519,"comment_status":"closed","ping_status":"closed","template":"","meta":[],"product_brand":[],"product_cat":[22],"product_tag":[],"class_list":{"0":"post-2518","1":"product","2":"type-product","3":"status-publish","4":"has-post-thumbnail","6":"product_cat-lastele","8":"first","9":"instock","10":"taxable","11":"shipping-taxable","12":"purchasable","13":"product-type-simple"},"_links":{"self":[{"href":"https:\/\/fil.ee\/uus\/wp-json\/wp\/v2\/product\/2518","targetHints":{"allow":["GET"]}}],"collection":[{"href":"https:\/\/fil.ee\/uus\/wp-json\/wp\/v2\/product"}],"about":[{"href":"https:\/\/fil.ee\/uus\/wp-json\/wp\/v2\/types\/product"}],"replies":[{"embeddable":true,"href":"https:\/\/fil.ee\/uus\/wp-json\/wp\/v2\/comments?post=2518"}],"wp:featuredmedia":[{"embeddable":true,"href":"https:\/\/fil.ee\/uus\/wp-json\/wp\/v2\/media\/2519"}],"wp:attachment":[{"href":"https:\/\/fil.ee\/uus\/wp-json\/wp\/v2\/media?parent=2518"}],"wp:term":[{"taxonomy":"product_brand","embeddable":true,"href":"https:\/\/fil.ee\/uus\/wp-json\/wp\/v2\/product_brand?post=2518"},{"taxonomy":"product_cat","embeddable":true,"href":"https:\/\/fil.ee\/uus\/wp-json\/wp\/v2\/product_cat?post=2518"},{"taxonomy":"product_tag","embeddable":true,"href":"https:\/\/fil.ee\/uus\/wp-json\/wp\/v2\/product_tag?post=2518"}],"curies":[{"name":"wp","href":"https:\/\/api.w.org\/{rel}","templated":true}]}}