{"id":2430,"date":"2025-08-22T14:04:44","date_gmt":"2025-08-22T11:04:44","guid":{"rendered":"https:\/\/fil.ee\/uus\/?post_type=product&#038;p=2430"},"modified":"2025-09-21T23:33:36","modified_gmt":"2025-09-21T20:33:36","slug":"ukskord-metsas","status":"publish","type":"product","link":"https:\/\/fil.ee\/uus\/toode\/ukskord-metsas\/","title":{"rendered":"\u00dckskord metsas"},"content":{"rendered":"<p style=\"text-align: justify;\">22. augustil 2025. a. ilmus meie kirjastuselt uus lasteraamat Madis Kivine &#8220;\u00dckskord metas&#8221;. Raamat on k\u00f5vade kaante ja v\u00e4rvilise sisuga. Raamatu m\u00f5\u00f5dud on 210&#215;210 mm, maht 120 lehek\u00fclge. Toimetas S. Rattiste, illustreeris Roman Raadik, k\u00fcljendas ja kaaned kujundas Vallo Hallik<\/p>\n<p style=\"text-align: justify;\"><strong>Raamatu tutvustus:<br \/>\n<\/strong>Mis juhtub, kui metsas l\u00e4hevad moodi spordip\u00e4evad, v\u00f5ililledieedid ja kohvikud k\u00e4ndude sees?<br \/>\n\u201e\u00dckskord metsas\u201d on kogumik lustakaid lugusid, kus loomad arutlevad elu \u00fcle, proovivad uusi asju ja satuvad tihti sekeldustesse. P\u00f5der Paavo, karu Karla, rebane Reena, orav Oliver ja teised metsaelanikud n\u00e4itavad, et mets pole kunagi liiga vaikne paik \u2013 eriti kui kellelgi tuleb j\u00e4lle m\u00f5ni uus idee.<br \/>\nSoojad ja humoorikad lood lastele \u2013 ja k\u00f5igile, kes armastavad v\u00e4ikest metsaimet. Ja seda just nii nagu p\u00e4riselus.<\/p>\n<p>Raamatusse sisse vaadata saab <a href=\"https:\/\/fil.ee\/sisu\/Ykskord_metsas_esimesed_15lk.pdf\">siin<\/a>.<\/p>\n","protected":false},"excerpt":{"rendered":"<p>22. augustil 2025. a. ilmus meie kirjastuselt uus lasteraamat Madis Kivine &#8220;\u00dckskord metas&#8221;. Raamat on k\u00f5vade kaante ja v\u00e4rvilise sisuga. Raamatu m\u00f5\u00f5dud on 210&#215;210 mm, maht 120 lehek\u00fclge. Toimetas S. Rattiste, illustreeris Roman Raadik, k\u00fcljendas ja kaaned kujundas Vallo Hallik Raamatu tutvustus: Mis juhtub, kui metsas l\u00e4hevad moodi spordip\u00e4evad, v\u00f5ililledieedid ja kohvikud k\u00e4ndude sees? \u201e\u00dckskord [&hellip;]<\/p>\n","protected":false},"featured_media":2431,"comment_status":"open","ping_status":"closed","template":"","meta":[],"product_brand":[],"product_cat":[22],"product_tag":[],"class_list":{"0":"post-2430","1":"product","2":"type-product","3":"status-publish","4":"has-post-thumbnail","6":"product_cat-lastele","8":"first","9":"instock","10":"taxable","11":"shipping-taxable","12":"purchasable","13":"product-type-simple"},"_links":{"self":[{"href":"https:\/\/fil.ee\/uus\/wp-json\/wp\/v2\/product\/2430","targetHints":{"allow":["GET"]}}],"collection":[{"href":"https:\/\/fil.ee\/uus\/wp-json\/wp\/v2\/product"}],"about":[{"href":"https:\/\/fil.ee\/uus\/wp-json\/wp\/v2\/types\/product"}],"replies":[{"embeddable":true,"href":"https:\/\/fil.ee\/uus\/wp-json\/wp\/v2\/comments?post=2430"}],"wp:featuredmedia":[{"embeddable":true,"href":"https:\/\/fil.ee\/uus\/wp-json\/wp\/v2\/media\/2431"}],"wp:attachment":[{"href":"https:\/\/fil.ee\/uus\/wp-json\/wp\/v2\/media?parent=2430"}],"wp:term":[{"taxonomy":"product_brand","embeddable":true,"href":"https:\/\/fil.ee\/uus\/wp-json\/wp\/v2\/product_brand?post=2430"},{"taxonomy":"product_cat","embeddable":true,"href":"https:\/\/fil.ee\/uus\/wp-json\/wp\/v2\/product_cat?post=2430"},{"taxonomy":"product_tag","embeddable":true,"href":"https:\/\/fil.ee\/uus\/wp-json\/wp\/v2\/product_tag?post=2430"}],"curies":[{"name":"wp","href":"https:\/\/api.w.org\/{rel}","templated":true}]}}